{"id":3356,"date":"2026-02-28T22:00:41","date_gmt":"2026-02-28T22:00:41","guid":{"rendered":"https:\/\/tk360.com.br\/tours\/city-tour-favela-tour-copy\/"},"modified":"2026-03-17T23:42:41","modified_gmt":"2026-03-17T23:42:41","slug":"city-tour-salvador","status":"publish","type":"tf_tours","link":"https:\/\/tk360.com.br\/en\/tours\/city-tour-salvador\/","title":{"rendered":"City Tour Salvador"},"content":{"rendered":"<p>\ud83d\udcc5 <strong>Sa\u00eddas:<\/strong> Di\u00e1rias (mediante agendamento)<\/br>\n\u23f1\ufe0f <strong>Dura\u00e7\u00e3o:<\/strong> Aproximadamente 8 horas<\/br><\/br>\n\nO <strong>City Tour Salvador (Hist\u00f3rico &#038; Panor\u00e2mico)<\/strong> \u00e9 a melhor forma de conhecer os principais pontos tur\u00edsticos da capital da Bahia em um \u00fanico dia. Acompanhado por um <strong>guia de turismo<\/strong>, voc\u00ea ir\u00e1 explorar a rica hist\u00f3ria, cultura e arquitetura de <strong>Salvador<\/strong>, com paradas estrat\u00e9gicas para fotos, explica\u00e7\u00f5es e viv\u00eancia local.<\/br><\/br>\n\nDurante o passeio, voc\u00ea visitar\u00e1 locais ic\u00f4nicos que contam a hist\u00f3ria do Brasil colonial, al\u00e9m de mirantes com vistas incr\u00edveis da cidade. O tour combina cultura, lazer e gastronomia, proporcionando uma experi\u00eancia completa e inesquec\u00edvel.<\/p>\n\n\n\n<p>&nbsp;<\/p>\n\n\n\n<p><strong>Roteiro do Passeio<\/strong><\/p>\n\u2022 Farol da Barra.<\/br>\n\u2022 Dique do Toror\u00f3.<\/br>\n\u2022 Mercado Modelo (parada para compras).<\/br>\n\u2022 Elevador Lacerda.<\/br>\n\u2022 Pelourinho (visita \u00e0s igrejas, museus e centro hist\u00f3rico).<\/br>\n\u2022 Santu\u00e1rio Irm\u00e3 Dulce.<\/br>\n\u2022 Ponta do Humait\u00e1.<\/br>\n\u2022 Forte Monte Serrat.<\/br>\n\u2022 Igreja do Bonfim.<\/br>\n\u2022 Pen\u00ednsula de Itapagipe.<\/br>\n\u2022 Sorveteria da Ribeira.<\/br>\n\n\n\n<p>&nbsp;<\/p>\n\n\n\n<p><strong>Paradas do Tour<\/strong><\/p>\n\u2022 Paradas m\u00e9dias de aproximadamente 40 minutos em cada local.<\/br>\n\u2022 No Pelourinho, perman\u00eancia m\u00e9dia de 1h30 para melhor aproveitamento.<\/br>\n\u2022 Parada para almo\u00e7o com dura\u00e7\u00e3o aproximada de 1h30.<\/br>\n\n\n\n<p>&nbsp;<\/p>\n\n\n\n<p><strong>O que est\u00e1 inclu\u00eddo<\/strong><\/p>\n\u2022 Guia de turismo durante todo o passeio.<\/br>\n\u2022 Roteiro completo pelos principais pontos tur\u00edsticos de Salvador.<\/br>\n\u2022 Paradas estrat\u00e9gicas para fotos e explica\u00e7\u00f5es.<\/br>\n\n\n\n<p>&nbsp;<\/p>\n\n\n\n<p><strong>Informa\u00e7\u00f5es Importantes<\/strong><\/p>\n\u2022 Dura\u00e7\u00e3o total do passeio: aproximadamente 8 horas.<\/br>\n\u2022 Recomendamos o uso de roupas leves e confort\u00e1veis.<\/br>\n\u2022 Ideal para quem deseja conhecer Salvador em um \u00fanico dia.<\/br>","protected":false},"author":1,"featured_media":1873,"comment_status":"open","ping_status":"closed","template":"","tour_destination":[85],"tour_attraction":[60,62,64,66,67],"tour_activities":[53,56],"tour_features":[],"tour_type":[],"class_list":["post-3356","tf_tours","type-tf_tours","status-publish","has-post-thumbnail","hentry","tour_destination-salvador","tour_attraction-anika-acosta","tour_attraction-keith-wilkins","tour_attraction-naomi-lewis","tour_attraction-raven-hays","tour_attraction-scarlett-morton","tour_activities-peragliding","tour_activities-sky-diving"],"tf_tours_opt":{"tour-general-heading":"","tour-general-docs":"","tour_as_featured":"0","featured_text":"Hot Deal","tf_single_tour_layout_opt":"single","tf_single_tour_template":"design-2","tour_gallery":"3363,3364,3365,3366,3367,3368,1833,1873,1904","tour_video":"https:\/\/youtu.be\/5kVDDtgZS8s","tour-location-heading":"","tour-location-docs":"","location":{"address":"Salvador, Brazil","latitude":"-12.9822499","longitude":"-38.4812772","zoom":"8"},"tour-info-heading":"","tour-info-docs":"","duration":"7 a 8 horas","duration_time":"Hour","tour_types":"","language":"English, Portugu\u00eas","night":"0","night_count":"4","group_size":"3","refund_des":"Solicite um reembolso.","highlights-sections":"","tf-tour-duration-icon":"ri-history-line","tf-tour-type-icon":"ri-menu-unfold-line","tf-tour-group-icon":"ri-team-line","tf-tour-lang-icon":"ri-global-line","highlights-section-title":"Destaque","additional_information":"<div class=\"elementor-element elementor-element-73d59d4 elementor-widget elementor-widget-text-editor\" data-id=\"73d59d4\" data-element_type=\"widget\" data-e-type=\"widget\" data-widget_type=\"text-editor.default\">\r\n<div class=\"elementor-widget-container\">\r\n<div class=\"flex flex-grow flex-col max-w-full AIPRM__conversation__response\">\r\n<div class=\"min-h-[20px] text-message flex flex-col items-start whitespace-pre-wrap break-words [.text-message+&amp;]:mt-5 juice:w-full juice:items-end overflow-x-auto gap-2\" dir=\"auto\" data-message-author-role=\"assistant\" data-message-id=\"75b65d93-1d11-4b6b-84e3-c223bc6cfe67\">\r\n<div class=\"flex w-full flex-col gap-1 juice:empty:hidden juice:first:pt-[3px]\">\r\n<div class=\"markdown prose w-full break-words dark:prose-invert dark\">\r\n\r\n<img class=\"emoji\" role=\"img\" src=\"https:\/\/s.w.org\/images\/core\/emoji\/17.0.2\/svg\/2714.svg\" alt=\"\u2714\ufe0f\" \/>\u00a0Grupo m\u00ednimo de 3 pessoas. N\u00e3o \u00e9 preciso que voc\u00ea monte o grupo. Consulte quantas pessoas tem no dia e hor\u00e1rio.\r\n\r\n<\/div>\r\n<\/div>\r\n<\/div>\r\n<\/div>\r\n<\/div>\r\n<\/div>","hightlights_thumbnail":"https:\/\/tk360.com.br\/wp-content\/uploads\/2024\/07\/capa-home-city-salvador.png","features":"","tour-continfo-heading":"","tour-continfo-docs":"","contact-info-section-title":"Informa\u00e7\u00f5es de contato","email":"contato@tk360.com.br","phone":"+55 (21) 96652-3111","website":"https:\/\/tk360.com.br","fax":"","tour-extras-heading":"","tour-extras-docs":"","tour-extra":"","tour-pricing-heading":"","tour-pricing-docs":"","pricing":"person","adult_price":"300","child_price":"150","infant_price":"40","group_price":"","discount_type":"percent","discount_price":"15","disable_adult_price":"0","disable_child_price":"0","disable_infant_price":"1","price_deposit":"","allow_deposit":"0","deposit_type":"none","deposit_amount":"","tour-availability-heading":"","tour-availablity-docs":"","type":"continuous","custom_avail":"0","custom_pricing_by":"person","cont_custom_date":"","cont_min_people":"1","cont_max_people":"","cont_max_capacity":"","allowed_time":"","Disabled_Dates":"","disabled_day":["1","2","3"],"disable_range":"","disable_specific":"","fixed_availability":{"date":{"from":"","to":""},"min_seat":"1","max_seat":"","max_capacity":"","tf-repeat-months-switch":"0"},"tour-booking-heading":"","tour-booking-docs":"","min_days_before_book":"7","disable_same_day":"0","tour-traveler-info":"0","booking-by":"1","external-booking-type":"1","booking-code":"","booking-url":"","hide_booking_form":"0","hide_price":"0","booking-attribute":"0","booking-query":"adult={adult}&amp;child={child}&amp;infant={infant}","booking-notice":"","is_taxable":"0","taxable_class":"standard","single_tour_booking_form_button_text":"Reserve j\u00e1","tour-cancellation-heading":"","tour-cancellation-docs":"","calcellation_policy":"","tour-inc-heading":"","tour-inc-docs":"","inc":{"0":{"inc":" Guia de turismo durante todo o passeio"},"5":{"inc":"Roteiro completo pelos principais pontos tur\u00edsticos de Salvador"},"6":{"inc":"Paradas estrat\u00e9gicas para fotos e explica\u00e7\u00f5es"}},"inc_icon":"fa fa-check","exc":{"0":{"exc":"Comidas e Bebidas"},"2":{"exc":"Despesas Pessoais"},"4":{"exc":"Seguro Viagem"},"5":{"exc":"Transporte at\u00e9 o ponto de encontro (Metr\u00f4 S\u00e3o Conrado\/Rocinha)"},"3":{"exc":"Gorjeta"}},"exc_icon":"fa fa-times","include-exclude-bg":"","tour-itibuilder-heading":"","tour-itibuilder-docs":"","itinerary-section-title":"Roteiro de viagem","itinerary":[{"time":"01","title":"Salvador Hist\u00f3rica e Cultural","duration":"","timetype":"Hour","desc":"<div class=\"my-[1px]\">\r\n<div class=\"py-[3px] whitespace-pre-wrap u-break-words\">\r\n<div class=\"my-[1px]\">\r\n<div class=\"py-[3px] whitespace-pre-wrap u-break-words\">Este itiner\u00e1rio \u00e9 ideal para quem busca uma imers\u00e3o profunda na rica hist\u00f3ria e cultura de Salvador, explorando seus marcos mais emblem\u00e1ticos e suas narrativas.<\/div>\r\n<\/div>\r\n<ul>\r\n \t<li class=\"u-break-words ps-[2px] hide-loading-dot\">\r\n<div class=\"my-[1px]\">\r\n<div class=\"py-[3px] whitespace-pre-wrap u-break-words\"><strong>Manh\u00e3 (In\u00edcio \u00e0s 9h):<\/strong><\/div>\r\n<\/div>\r\n<ul>\r\n \t<li class=\"u-break-words ps-[2px]\"><strong>Farol da Barra:<\/strong>\u00a0Comece com a hist\u00f3ria mar\u00edtima e vistas panor\u00e2micas do oceano.<\/li>\r\n \t<li class=\"u-break-words ps-[2px]\"><strong>Dique do Toror\u00f3:<\/strong>\u00a0Aprecie a arte e a cultura afro-brasileira com as esculturas dos orix\u00e1s.<\/li>\r\n \t<li class=\"u-break-words ps-[2px]\"><strong>Elevador Lacerda:<\/strong>\u00a0Uma viagem no tempo e uma vista espetacular da Cidade Baixa.<\/li>\r\n \t<li class=\"u-break-words ps-[2px]\"><strong>Mercado Modelo:<\/strong>\u00a0Mergulhe na cultura local, artesanato e hist\u00f3ria do com\u00e9rcio.<\/li>\r\n<\/ul>\r\n<\/li>\r\n \t<li class=\"u-break-words ps-[2px] hide-loading-dot\">\r\n<div class=\"my-[1px]\">\r\n<div class=\"py-[3px] whitespace-pre-wrap u-break-words\"><strong>Tarde:<\/strong><\/div>\r\n<\/div>\r\n<ul>\r\n \t<li class=\"u-break-words ps-[2px]\"><strong>Pelourinho:<\/strong>\u00a0O cora\u00e7\u00e3o hist\u00f3rico de Salvador, com suas igrejas barrocas (como a Igreja de S\u00e3o Francisco), museus e arquitetura colonial. Tempo estendido para explorar a fundo.<\/li>\r\n \t<li class=\"u-break-words ps-[2px]\"><strong>Santu\u00e1rio Irm\u00e3 Dulce:<\/strong>\u00a0Conhe\u00e7a a obra e o legado da primeira santa brasileira.<\/li>\r\n<\/ul>\r\n<\/li>\r\n<\/ul>\r\n<\/div>\r\n<\/div>","image":"https:\/\/tk360.com.br\/wp-content\/uploads\/2026\/02\/farol-da-barra.jpg","gallery_image":"","loacation":"","altitude":"","valuetype":"Meter","loacation-latitude":"","loacation-longitude":""},{"time":"02","title":"Salvador Panor\u00e2mica e Fotogr\u00e1fica","duration":"","timetype":"Hour","desc":"<div class=\"my-[1px]\">\r\n<div class=\"py-[3px] whitespace-pre-wrap u-break-words\">\r\n<div class=\"my-[1px]\">\r\n<div class=\"py-[3px] whitespace-pre-wrap u-break-words\">Perfeito para amantes da fotografia e para quem deseja capturar as paisagens mais deslumbrantes e os \u00e2ngulos mais instagram\u00e1veis da cidade.<\/div>\r\n<\/div>\r\n<ul>\r\n \t<li class=\"u-break-words ps-[2px] hide-loading-dot\">\r\n<div class=\"my-[1px]\">\r\n<div class=\"py-[3px] whitespace-pre-wrap u-break-words\"><strong>Manh\u00e3 (In\u00edcio \u00e0s 9h):<\/strong><\/div>\r\n<\/div>\r\n<ul>\r\n \t<li class=\"u-break-words ps-[2px]\"><strong>Farol da Barra:<\/strong>\u00a0Cen\u00e1rio perfeito para fotos com o mar e o forte.<\/li>\r\n \t<li class=\"u-break-words ps-[2px]\"><strong>Dique do Toror\u00f3:<\/strong>\u00a0As esculturas dos orix\u00e1s e o espelho d'\u00e1gua oferecem \u00f3timas oportunidades fotogr\u00e1ficas.<\/li>\r\n \t<li class=\"u-break-words ps-[2px]\"><strong>Elevador Lacerda:<\/strong>\u00a0Vistas panor\u00e2micas da Ba\u00eda de Todos os Santos e do Mercado Modelo.<\/li>\r\n \t<li class=\"u-break-words ps-[2px]\"><strong>Mercado Modelo:<\/strong>\u00a0Cores, texturas e a efervesc\u00eancia do com\u00e9rcio local para registros aut\u00eanticos.<\/li>\r\n<\/ul>\r\n<\/li>\r\n \t<li class=\"u-break-words ps-[2px] hide-loading-dot\">\r\n<div class=\"my-[1px]\">\r\n<div class=\"py-[3px] whitespace-pre-wrap u-break-words\"><strong>Tarde:<\/strong><\/div>\r\n<\/div>\r\n<ul>\r\n \t<li class=\"u-break-words ps-[2px]\"><strong>Ponta do Humait\u00e1:<\/strong>\u00a0Um dos pores do sol mais bonitos de Salvador, com o farol e a igreja.<\/li>\r\n \t<li class=\"u-break-words ps-[2px]\"><strong>Forte Monte Serrat:<\/strong>\u00a0Vistas espetaculares da ba\u00eda e da cidade, ideal para fotos panor\u00e2micas.<\/li>\r\n \t<li class=\"u-break-words ps-[2px]\"><strong>Igreja do Bonfim:<\/strong>\u00a0A famosa igreja e suas fitinhas, um \u00edcone cultural e fotogr\u00e1fico.<\/li>\r\n \t<li class=\"u-break-words ps-[2px]\"><strong>Pen\u00ednsula Itapagipana:<\/strong>\u00a0Explore a orla e os casar\u00f5es, com paradas para fotos em pontos charmosos.<\/li>\r\n<\/ul>\r\n<\/li>\r\n<\/ul>\r\n<div class=\"mt-[1em] mb-[1px]\" data-level=\"3\"><\/div>\r\n<\/div>\r\n<\/div>","image":"https:\/\/tk360.com.br\/wp-content\/uploads\/2026\/02\/Dique-do-Tororo.webp","gallery_image":"","loacation":"","altitude":"","valuetype":"Meter","loacation-latitude":"","loacation-longitude":""},{"time":"03","title":"Salvador de F\u00e9 e Tradi\u00e7\u00e3o","duration":"","timetype":"Hour","desc":"<div class=\"my-[1px]\">\r\n<div class=\"py-[3px] whitespace-pre-wrap u-break-words\">\r\n<div class=\"my-[1px]\">\r\n<div class=\"py-[3px] whitespace-pre-wrap u-break-words\">Um percurso que destaca a forte religiosidade e as tradi\u00e7\u00f5es culturais de Salvador, visitando locais de grande import\u00e2ncia espiritual.<\/div>\r\n<\/div>\r\n<ul>\r\n \t<li class=\"u-break-words ps-[2px] hide-loading-dot\">\r\n<div class=\"my-[1px]\">\r\n<div class=\"py-[3px] whitespace-pre-wrap u-break-words\"><strong>Manh\u00e3 (In\u00edcio \u00e0s 9h):<\/strong><\/div>\r\n<\/div>\r\n<ul>\r\n \t<li class=\"u-break-words ps-[2px]\"><strong>Farol da Barra:<\/strong>\u00a0In\u00edcio tranquilo com a brisa do mar, preparando para a jornada espiritual.<\/li>\r\n \t<li class=\"u-break-words ps-[2px]\"><strong>Dique do Toror\u00f3:<\/strong>\u00a0Conex\u00e3o com as ra\u00edzes africanas e a religiosidade dos orix\u00e1s.<\/li>\r\n \t<li class=\"u-break-words ps-[2px]\"><strong>Pelourinho:<\/strong>\u00a0Visita a diversas igrejas hist\u00f3ricas, como a Igreja de S\u00e3o Francisco (com sua riqueza barroca) e a Catedral Bas\u00edlica de Salvador, mergulhando na f\u00e9 e na arte sacra.<\/li>\r\n<\/ul>\r\n<\/li>\r\n \t<li class=\"u-break-words ps-[2px] hide-loading-dot\">\r\n<div class=\"my-[1px]\">\r\n<div class=\"py-[3px] whitespace-pre-wrap u-break-words\"><strong>Tarde:<\/strong><\/div>\r\n<\/div>\r\n<ul>\r\n \t<li class=\"u-break-words ps-[2px]\"><strong>Santu\u00e1rio Irm\u00e3 Dulce:<\/strong>\u00a0Um momento de reflex\u00e3o e admira\u00e7\u00e3o pela vida e obra da santa.<\/li>\r\n \t<li class=\"u-break-words ps-[2px]\"><strong>Igreja do Bonfim:<\/strong>\u00a0O ponto alto da f\u00e9 baiana, com suas famosas fitinhas e a tradi\u00e7\u00e3o de pedidos.<\/li>\r\n \t<li class=\"u-break-words ps-[2px]\"><strong>Pen\u00ednsula Itapagipana:<\/strong>\u00a0Um passeio pela orla, observando a vida local e a devo\u00e7\u00e3o dos pescadores.<\/li>\r\n<\/ul>\r\n<\/li>\r\n<\/ul>\r\n<\/div>\r\n<\/div>","image":"https:\/\/tk360.com.br\/wp-content\/uploads\/2026\/02\/Pelourinho-1.jpg","gallery_image":"","loacation":"","altitude":"","valuetype":"Meter","loacation-latitude":"","loacation-longitude":""},{"time":"04","title":"Salvador Essencial e de Sabores Locais","duration":"","timetype":"Hour","desc":"<div class=\"my-[1px]\">\r\n<div class=\"py-[3px] whitespace-pre-wrap u-break-words\">\r\n<div class=\"my-[1px]\">\r\n<div class=\"py-[3px] whitespace-pre-wrap u-break-words\">Este itiner\u00e1rio combina os pontos tur\u00edsticos imperd\u00edveis com experi\u00eancias aut\u00eanticas, incluindo a culin\u00e1ria e os sabores de Salvador.<\/div>\r\n<\/div>\r\n<ul>\r\n \t<li class=\"u-break-words ps-[2px] hide-loading-dot\">\r\n<div class=\"my-[1px]\">\r\n<div class=\"py-[3px] whitespace-pre-wrap u-break-words\"><strong>Manh\u00e3 (In\u00edcio \u00e0s 9h):<\/strong><\/div>\r\n<\/div>\r\n<ul>\r\n \t<li class=\"u-break-words ps-[2px]\"><strong>Farol da Barra:<\/strong>\u00a0O cart\u00e3o postal inicial para come\u00e7ar o dia.<\/li>\r\n \t<li class=\"u-break-words ps-[2px]\"><strong>Dique do Toror\u00f3:<\/strong>\u00a0Uma parada cultural antes de seguir para o centro.<\/li>\r\n \t<li class=\"u-break-words ps-[2px]\"><strong>Elevador Lacerda:<\/strong>\u00a0Acesso r\u00e1pido \u00e0 Cidade Baixa e ao Mercado Modelo.<\/li>\r\n \t<li class=\"u-break-words ps-[2px]\"><strong>Mercado Modelo:<\/strong>\u00a0Tempo para compras de artesanato e para experimentar quitutes locais (acaraj\u00e9, cocadas, etc.).<\/li>\r\n<\/ul>\r\n<\/li>\r\n \t<li class=\"u-break-words ps-[2px] hide-loading-dot\">\r\n<div class=\"my-[1px]\">\r\n<div class=\"py-[3px] whitespace-pre-wrap u-break-words\"><strong>Tarde:<\/strong><\/div>\r\n<\/div>\r\n<ul>\r\n \t<li class=\"u-break-words ps-[2px]\"><strong>Pelourinho:<\/strong>\u00a0Explore as ruas coloridas, a arquitetura e a atmosfera vibrante. Aproveite para almo\u00e7ar em um dos restaurantes t\u00edpicos da regi\u00e3o (parada de 1h30 para almo\u00e7o).<\/li>\r\n \t<li class=\"u-break-words ps-[2px]\"><strong>Ponta do Humait\u00e1:<\/strong>\u00a0Desfrute da paisagem e da tranquilidade.<\/li>\r\n \t<li class=\"u-break-words ps-[2px]\"><strong>Sorveteria da Ribeira:<\/strong>\u00a0Finalize o passeio com um delicioso sorvete artesanal, uma verdadeira tradi\u00e7\u00e3o soteropolitana.<\/li>\r\n \t<li class=\"u-break-words ps-[2px] force-loading\"><strong>Igreja do Bonfim:<\/strong>\u00a0Uma breve visita para completar a experi\u00eancia cultural e religiosa.<\/li>\r\n<\/ul>\r\n<\/li>\r\n<\/ul>\r\n<\/div>\r\n<\/div>","image":"https:\/\/tk360.com.br\/wp-content\/uploads\/2026\/02\/Mercado-Modelo.jpg","gallery_image":"","loacation":"","altitude":"","valuetype":"Meter","loacation-latitude":"","loacation-longitude":""}],"itinerary-downloader-settings":"","itenary_download_glbal_settings":"custom","itinerary-downloader":"0","tour_pdf_downloader_section":"","itinerary-downloader-title":"Want to read it later?","itinerary-downloader-desc":"Download this tour's PDF brochure and start your planning offline.","itinerary-downloader-button":"Download Now","tour_settings":"","tour_thumbnail_height":"","tour_thumbnail_width":"","companey_info_heading":"","company_logo":"","company_desc":"","company_email":"","company_address":"","company_phone":"","export_heading":"","itinerary-expert":"0","expert_label":"","expert_name":"","expert_email":"","expert_phone":"","expert_logo":"","itinerary-expert-viber":"0","itinerary-expert-whatsapp":"0","tour-faq-heading":"","tour-faq-docs":"","faq-section-title":"Perguntas Frequentes","faqs":[{"title":"Como fa\u00e7o uma reserva antecipada?","desc":"Voc\u00ea pode garantir sua vaga fazendo um pagamento adiantado via PayPal ou cart\u00e3o de cr\u00e9dito. Observe que uma taxa adicional de reserva \u00e9 aplicada, que n\u00e3o \u00e9 reembols\u00e1vel em caso de cancelamento."},{"title":"Quais s\u00e3o os m\u00e9todos de pagamento aceitos?","desc":"Aceitamos PayPal e cart\u00f5es de cr\u00e9dito. Todas as taxas j\u00e1 est\u00e3o inclu\u00eddas no checkout."},{"title":"O que est\u00e1 inclu\u00eddo no pre\u00e7o do passeio?","desc":"O pre\u00e7o inclui servi\u00e7os de foto e v\u00eddeo, transporte de motocicleta, imposto para favelas, passagens para os mirantes e um guia tur\u00edstico."},{"title":"A que horas os tours partem e quanto tempo duram?","desc":"Os passeios est\u00e3o dispon\u00edveis pela manh\u00e3 (9h) e \u00e0 tarde (14h). A dura\u00e7\u00e3o m\u00e9dia \u00e9 de 2 a 3 horas. Os pontos de encontro s\u00e3o a esta\u00e7\u00e3o de metr\u00f4 S\u00e3o Conrado\/Rocinha, Rua Vi\u00e1pia da Rocinha ou o viaduto Rocinha."},{"title":"\u00c9 seguro fazer um tour na Favela da Rocinha?","desc":"\u00c9 totalmente seguro fazer o Tour da Favela. Nosso guia est\u00e1 autorizado a levar os visitantes pela favela, e todas as medidas de seguran\u00e7a ser\u00e3o explicadas no in\u00edcio do tour."},{"title":"Como posso entrar em contato com voc\u00ea se tiver mais perguntas?","desc":"Voc\u00ea pode entrar em contato para mais informa\u00e7\u00f5es ou esclarecimentos sobre d\u00favidas por e-mail em:\u00a0<strong>contato@tk360.com.br<\/strong>"},{"title":"Posso cancelar minha reserva?","desc":"A reserva exige uma pequena taxa n\u00e3o reembols\u00e1vel em caso de cancelamento. Podemos fornecer um voucher para reagendamento caso precise."},{"title":"Qual \u00e9 o limite de idade para participar dos tours?","desc":"<div class=\"elementor-element elementor-element-41528be e-flex e-con-boxed e-con e-parent e-lazyloaded\" data-id=\"41528be\" data-element_type=\"container\" data-e-type=\"container\" data-settings=\"{\">\r\n<div class=\"e-con-inner\">\r\n<div class=\"elementor-element elementor-element-37cb036 e-con-full e-flex e-con e-child\" data-id=\"37cb036\" data-element_type=\"container\" data-e-type=\"container\">\r\n<div class=\"elementor-element elementor-element-7d0d639 elementor-widget elementor-widget-n-accordion\" data-id=\"7d0d639\" data-element_type=\"widget\" data-e-type=\"widget\" data-settings=\"{\" data-widget_type=\"nested-accordion.default\">\r\n<div class=\"elementor-widget-container\">\r\n<div class=\"e-n-accordion\" aria-label=\"Accordion. Open links with Enter or Space, close with Escape, and navigate with Arrow Keys\"><details id=\"e-n-accordion-item-1313\" class=\"e-n-accordion-item\" open=\"\">\r\n<div class=\"elementor-element elementor-element-5478e8c e-flex e-con-boxed e-con e-child\" role=\"region\" aria-labelledby=\"e-n-accordion-item-1313\" data-id=\"5478e8c\" data-element_type=\"container\" data-e-type=\"container\">\r\n<div class=\"e-con-inner\">\r\n<div class=\"elementor-element elementor-element-800368c elementor-widget elementor-widget-text-editor\" data-id=\"800368c\" data-element_type=\"widget\" data-e-type=\"widget\" data-widget_type=\"text-editor.default\">\r\n<div class=\"elementor-widget-container\">\r\n<p data-start=\"7484\" data-end=\"7713\">N\u00e3o h\u00e1 um limite de idade espec\u00edfico para participar dos passeios, mas \u00e9 importante considerar a natureza do tour, que pode envolver caminhadas e algumas \u00e1reas \u00edngremes. Recomendamos que os participantes estejam em boa condi\u00e7\u00e3o f\u00edsica.<\/p>\r\n\r\n<\/div>\r\n<\/div>\r\n<\/div>\r\n<\/div>\r\n<\/details><\/div>\r\n<\/div>\r\n<\/div>\r\n<\/div>\r\n<\/div>\r\n<\/div>\r\n<div class=\"elementor-element elementor-element-eb32793 e-flex e-con-boxed e-con e-parent e-lazyloaded\" data-id=\"eb32793\" data-element_type=\"container\" data-e-type=\"container\" data-settings=\"{\">\r\n<div class=\"e-con-inner\">\r\n<div class=\"elementor-element elementor-element-a3ab606 elementor-align-center elementor-widget elementor-widget-button\" data-id=\"a3ab606\" data-element_type=\"widget\" data-e-type=\"widget\" data-widget_type=\"button.default\">\r\n<div class=\"elementor-widget-container\">\r\n<div class=\"elementor-button-wrapper\"><\/div>\r\n<\/div>\r\n<\/div>\r\n<\/div>\r\n<\/div>"}],"enquiry-section":"","t-enquiry-section":"1","t-enquiry-option-icon":"fa-solid fa-question","t-enquiry-option-title":"Tem alguma pergunta em mente?","t-enquiry-option-content":"Deseja obter mais informa\u00e7\u00f5es? Envie uma pergunta ao agente de viagens para saber mais.","t-enquiry-option-btn":"Fa\u00e7a uma Pergunta","tf-tour-tags-heading":"","tf-tour-tags":"","tour-tnc-heading":"","tour-tnc-docs":"","tc-section-title":"Pol\u00edticas","terms_conditions":"O ponto de encontro ser\u00e1 combinado previamente. Os participantes devem chegar com 15 minutos de anteced\u00eancia e apresentar um documento de identidade original com foto (RG, CNH ou Passaporte) para verifica\u00e7\u00e3o e seguro. <strong>Cancelamento e Pr\u00e9-pagamento: <\/strong>As pol\u00edticas de cancelamento e pr\u00e9-pagamento podem variar de acordo com a anteced\u00eancia da reserva. Cancelamentos realizados com at\u00e9 24 horas de anteced\u00eancia garantem reembolso total. Para desist\u00eancias no dia do passeio ou n\u00e3o comparecimento (no-show), n\u00e3o haver\u00e1 devolu\u00e7\u00e3o do valor pago. <strong>Crian\u00e7as e Participantes:<\/strong> Crian\u00e7as de todas as idades s\u00e3o bem-vindas. Crian\u00e7as a partir de 6 anos s\u00e3o consideradas adultos para fins de tarifa\u00e7\u00e3o e ocupa\u00e7\u00e3o de moto-t\u00e1xi. Por quest\u00f5es de seguran\u00e7a, menores de idade devem estar obrigatoriamente acompanhados por um respons\u00e1vel legal durante todo o percurso. <strong>Restri\u00e7\u00f5es e Acessibilidade:<\/strong> Devido \u00e0 natureza geogr\u00e1fica da Rocinha, com muitas escadarias e uso de moto-t\u00e1xi, este tour pode n\u00e3o ser adequado para pessoas com mobilidade reduzida severa. N\u00e3o \u00e9 permitida a entrada de animais de estima\u00e7\u00e3o (pets) durante o passeio. <strong>Formas de Pagamento:<\/strong> Este operador aceita pagamentos via PIX, cart\u00f5es de cr\u00e9dito\/d\u00e9bito ou dinheiro em esp\u00e9cie. O pagamento total ou o sinal de reserva deve ser confirmado antes do in\u00edcio da atividade.","settings_headding":"","tour-setting-docs":"","t-review":"0","t-share":"0","t-wishlist":"0","t-related":"1","require_adult_child_booking":"0","tour-booking-section":"","booking-section-title":"Reserve este passeio","description-section-title":"Descri\u00e7\u00e3o","tour-features-section-title":"Recursos Populares","map-section-title":"Maps","review-section-title":"Avalia\u00e7\u00f5es"},"featured_image":"https:\/\/tk360.com.br\/wp-content\/uploads\/2024\/07\/salvador.png","reviews":{"post_reviews":0,"review_text":""},"start_price":"<span class=\"woocommerce-Price-amount amount\"><bdi><span class=\"woocommerce-Price-currencySymbol\">&#82;&#36;<\/span>&nbsp;300,00<\/bdi><\/span>","_links":{"self":[{"href":"https:\/\/tk360.com.br\/en\/wp-json\/wp\/v2\/tf_tours\/3356","targetHints":{"allow":["GET"]}}],"collection":[{"href":"https:\/\/tk360.com.br\/en\/wp-json\/wp\/v2\/tf_tours"}],"about":[{"href":"https:\/\/tk360.com.br\/en\/wp-json\/wp\/v2\/types\/tf_tours"}],"author":[{"embeddable":true,"href":"https:\/\/tk360.com.br\/en\/wp-json\/wp\/v2\/users\/1"}],"replies":[{"embeddable":true,"href":"https:\/\/tk360.com.br\/en\/wp-json\/wp\/v2\/comments?post=3356"}],"wp:featuredmedia":[{"embeddable":true,"href":"https:\/\/tk360.com.br\/en\/wp-json\/wp\/v2\/media\/1873"}],"wp:attachment":[{"href":"https:\/\/tk360.com.br\/en\/wp-json\/wp\/v2\/media?parent=3356"}],"wp:term":[{"taxonomy":"tour_destination","embeddable":true,"href":"https:\/\/tk360.com.br\/en\/wp-json\/wp\/v2\/tour_destination?post=3356"},{"taxonomy":"tour_attraction","embeddable":true,"href":"https:\/\/tk360.com.br\/en\/wp-json\/wp\/v2\/tour_attraction?post=3356"},{"taxonomy":"tour_activities","embeddable":true,"href":"https:\/\/tk360.com.br\/en\/wp-json\/wp\/v2\/tour_activities?post=3356"},{"taxonomy":"tour_features","embeddable":true,"href":"https:\/\/tk360.com.br\/en\/wp-json\/wp\/v2\/tour_features?post=3356"},{"taxonomy":"tour_type","embeddable":true,"href":"https:\/\/tk360.com.br\/en\/wp-json\/wp\/v2\/tour_type?post=3356"}],"curies":[{"name":"wp","href":"https:\/\/api.w.org\/{rel}","templated":true}]}}