{"id":3351,"date":"2026-02-28T21:36:45","date_gmt":"2026-02-28T21:36:45","guid":{"rendered":"https:\/\/tk360.com.br\/tours\/city-tour-favela-tour-copy\/"},"modified":"2026-03-17T23:36:28","modified_gmt":"2026-03-17T23:36:28","slug":"pequena-africa","status":"publish","type":"tf_tours","link":"https:\/\/tk360.com.br\/en\/tours\/pequena-africa\/","title":{"rendered":"Pequena \u00c1frica"},"content":{"rendered":"<p>\ud83d\udcc5 <strong>Sa\u00eddas:<\/strong> Ter\u00e7a a s\u00e1bado<\/br>\n\ud83d\udd52 <strong>Hor\u00e1rios:<\/strong> 09:00 (manh\u00e3) e 14:00 (tarde)<\/br>\n\u23f1\ufe0f <strong>Dura\u00e7\u00e3o:<\/strong> Aproximadamente 2h a 2h30<\/br><\/br>\n\nO <strong>Tour Pequena \u00c1frica<\/strong> \u00e9 uma imers\u00e3o cultural e hist\u00f3rica que revela toda a import\u00e2ncia da heran\u00e7a africana no <strong>Rio de Janeiro<\/strong>, antiga capital do Brasil. Este passeio guiado percorre locais marcantes que contam a hist\u00f3ria do povo negro, suas ra\u00edzes, resist\u00eancia e contribui\u00e7\u00f5es fundamentais para a cultura brasileira.<\/br><\/br>\n\nDurante o tour, voc\u00ea visitar\u00e1 pontos hist\u00f3ricos como o <strong>Cais do Valongo<\/strong> (Patrim\u00f4nio Mundial da UNESCO), a <strong>Pedra do Sal<\/strong>, o <strong>Cemit\u00e9rio dos Pretos Novos<\/strong> e outros locais simb\u00f3licos da regi\u00e3o conhecida como Pequena \u00c1frica. A experi\u00eancia proporciona uma conex\u00e3o profunda com a hist\u00f3ria, cultura, m\u00fasica e tradi\u00e7\u00f5es afro-brasileiras.<\/br><\/br>\n\nAl\u00e9m do conte\u00fado hist\u00f3rico, o passeio tamb\u00e9m inclui aspectos culturais e gastron\u00f4micos, oferecendo uma viv\u00eancia aut\u00eantica e enriquecedora. Uma oportunidade \u00fanica de conhecer o verdadeiro ber\u00e7o da cultura afro no Rio de Janeiro e contribuir com o turismo sustent\u00e1vel comunit\u00e1rio.<\/p>\n\n\n\n<p>&nbsp;<\/p>\n\n\n\n<p><strong>Valor do Passeio<\/strong><\/p>\n\u2022 R$ 297,00 por pessoa.<\/br>\n\u2022 Valores promocionais para reservas antecipadas.<\/br>\n\n\n\n<p>&nbsp;<\/p>\n\n\n\n<p><strong>O que voc\u00ea vai conhecer<\/strong><\/p>\n\u2022 Cais do Valongo (Patrim\u00f4nio Mundial da UNESCO).<\/br>\n\u2022 Pedra do Sal (ber\u00e7o do samba).<\/br>\n\u2022 Cemit\u00e9rio dos Pretos Novos.<\/br>\n\u2022 Circuito hist\u00f3rico da Pequena \u00c1frica.<\/br>\n\u2022 Cultura, m\u00fasica e gastronomia afro-brasileira.<\/br>\n\n\n\n<p>&nbsp;<\/p>\n\n\n\n<p><strong>O que est\u00e1 inclu\u00eddo<\/strong><\/p>\n\u2022 Guia especializado em hist\u00f3ria e cultura afro-brasileira.<\/br>\n\u2022 Roteiro cultural completo pela Pequena \u00c1frica.<\/br>\n\u2022 Experi\u00eancia hist\u00f3rica, cultural e gastron\u00f4mica.<\/br>\n\n\n\n<p>&nbsp;<\/p>\n\n\n\n<p><strong>Informa\u00e7\u00f5es Importantes<\/strong><\/p>\n\u2022 Sempre h\u00e1 grupos dispon\u00edveis \u2013 consulte datas e hor\u00e1rios.<\/br>\n\u2022 Inclu\u00edmos todos os participantes conforme disponibilidade do dia.<\/br>\n\u2022 Ideal para quem busca turismo cultural e hist\u00f3rico no Rio de Janeiro.<\/br>\n\n\n\n<p>&nbsp;<\/p>\n\n\n\n<p><strong>Ponto de Encontro<\/strong><\/p>\n\u2022 Largo de S\u00e3o Francisco da Prainha.<\/br>","protected":false},"author":1,"featured_media":1953,"comment_status":"open","ping_status":"closed","template":"","tour_destination":[34],"tour_attraction":[60,62,64,66,67],"tour_activities":[53,56],"tour_features":[],"tour_type":[],"class_list":["post-3351","tf_tours","type-tf_tours","status-publish","has-post-thumbnail","hentry","tour_destination-rio-de-janeiro","tour_attraction-anika-acosta","tour_attraction-keith-wilkins","tour_attraction-naomi-lewis","tour_attraction-raven-hays","tour_attraction-scarlett-morton","tour_activities-peragliding","tour_activities-sky-diving"],"tf_tours_opt":{"tour-general-heading":"","tour-general-docs":"","tour_as_featured":"0","featured_text":"Hot Deal","tf_single_tour_layout_opt":"single","tf_single_tour_template":"design-2","tour_gallery":"4747,4748,4749,4750,4751,4752,4753,4754,4755","tour_video":"https:\/\/youtu.be\/_Y54eNinO7U","tour-location-heading":"","tour-location-docs":"","location":{"address":"Rio de Janeiro, Brasil","latitude":"-22.9867442","longitude":"-43.2469027","zoom":"5"},"tour-info-heading":"","tour-info-docs":"","duration":"2 a 2h30","duration_time":"Hour","tour_types":"","language":"English, Portugu\u00eas","night":"0","night_count":"4","group_size":"3","refund_des":"Solicite um reembolso.","highlights-sections":"","tf-tour-duration-icon":"ri-history-line","tf-tour-type-icon":"ri-menu-unfold-line","tf-tour-group-icon":"ri-team-line","tf-tour-lang-icon":"ri-global-line","highlights-section-title":"Destaque","additional_information":"<img class=\"emoji\" role=\"img\" src=\"https:\/\/s.w.org\/images\/core\/emoji\/17.0.2\/svg\/2714.svg\" alt=\"\u2714\ufe0f\" \/>\u00a0Grupo m\u00ednimo de 3 pessoas. N\u00e3o \u00e9 preciso que voc\u00ea monte o grupo. Consulte quantas pessoas tem no dia e hor\u00e1rio.","hightlights_thumbnail":"https:\/\/tk360.com.br\/wp-content\/uploads\/2024\/02\/Tour-Pequena-Africa1.png","features":"","tour-continfo-heading":"","tour-continfo-docs":"","contact-info-section-title":"Informa\u00e7\u00f5es de contato","email":"contato@tk360.com.br","phone":"+55 (21) 96652-3111","website":"https:\/\/tk360.com.br","fax":"","tour-extras-heading":"","tour-extras-docs":"","tour-extra":"","tour-pricing-heading":"","tour-pricing-docs":"","pricing":"person","adult_price":"297","child_price":"148.5","infant_price":"40","group_price":"","discount_type":"percent","discount_price":"15","disable_adult_price":"0","disable_child_price":"0","disable_infant_price":"1","price_deposit":"","allow_deposit":"0","deposit_type":"none","deposit_amount":"","tour-availability-heading":"","tour-availablity-docs":"","type":"continuous","custom_avail":"0","custom_pricing_by":"person","cont_custom_date":"","cont_min_people":"1","cont_max_people":"","cont_max_capacity":"","allowed_time":"","Disabled_Dates":"","disabled_day":["1","2","3"],"disable_range":"","disable_specific":"","fixed_availability":{"date":{"from":"","to":""},"min_seat":"1","max_seat":"","max_capacity":"","tf-repeat-months-switch":"0"},"tour-booking-heading":"","tour-booking-docs":"","min_days_before_book":"7","disable_same_day":"0","tour-traveler-info":"0","booking-by":"1","external-booking-type":"1","booking-code":"","booking-url":"","hide_booking_form":"0","hide_price":"0","booking-attribute":"0","booking-query":"adult={adult}&amp;child={child}&amp;infant={infant}","booking-notice":"","is_taxable":"0","taxable_class":"standard","single_tour_booking_form_button_text":"Reserve j\u00e1","tour-cancellation-heading":"","tour-cancellation-docs":"","calcellation_policy":"","tour-inc-heading":"","tour-inc-docs":"","inc":{"0":{"inc":"Guia especializado em hist\u00f3ria e cultura afro-brasileira"},"3":{"inc":"Roteiro cultural completo pela Pequena \u00c1frica"},"5":{"inc":"Experi\u00eancia hist\u00f3rica, cultural e gastron\u00f4mica"}},"inc_icon":"fa fa-check","exc":{"0":{"exc":"Bebidas e Sobremesas"},"2":{"exc":"Despesas Pessoais"},"3":{"exc":"Gorjeta"},"4":{"exc":"Seguro Viagem"},"5":{"exc":"Transporte at\u00e9 o Ponto de Encontro"}},"exc_icon":"fa fa-times","include-exclude-bg":"","tour-itibuilder-heading":"","tour-itibuilder-docs":"","itinerary-section-title":"Roteiro de viagem","itinerary":[{"time":"01","title":"Cais do Valongo","duration":"","timetype":"Hour","desc":"<div class=\"my-[1px]\">\r\n<div class=\"py-[3px] whitespace-pre-wrap u-break-words\">In\u00edcio com a contextualiza\u00e7\u00e3o hist\u00f3rica do principal porto de chegada de africanos escravizados.<\/div>\r\n<\/div>","image":"https:\/\/tk360.com.br\/wp-content\/uploads\/2024\/07\/pequena-africa2.png","gallery_image":"","loacation":"","altitude":"","valuetype":"Meter","loacation-latitude":"","loacation-longitude":""},{"time":"02","title":"Cemit\u00e9rio dos Pretos Novos:","duration":"","timetype":"Hour","desc":"<div class=\"my-[1px]\">\r\n<div class=\"py-[3px] whitespace-pre-wrap u-break-words\">Visita ao memorial e reflex\u00e3o sobre a arqueologia e a mem\u00f3ria das v\u00edtimas do tr\u00e1fico negreiro.<\/div>\r\n<\/div>","image":"https:\/\/tk360.com.br\/wp-content\/uploads\/2026\/02\/Cemiterio-dos-Pretos-Novos.jpg","gallery_image":"","loacation":"","altitude":"","valuetype":"Meter","loacation-latitude":"","loacation-longitude":""},{"time":"03","title":"Jardim Suspenso do Valongo","duration":"","timetype":"Hour","desc":"<div class=\"my-[1px]\">\r\n<div class=\"py-[3px] whitespace-pre-wrap u-break-words\">Caminhada pela encosta do Morro da Concei\u00e7\u00e3o para entender a urbaniza\u00e7\u00e3o e a vista da regi\u00e3o.<\/div>\r\n<\/div>","image":"https:\/\/tk360.com.br\/wp-content\/uploads\/2026\/02\/Jardim-Suspenso-do-Valongo.webp","gallery_image":"","loacation":"","altitude":"","valuetype":"Meter","loacation-latitude":"","loacation-longitude":""},{"time":"04","title":"Largo da Prainha","duration":"","timetype":"Hour","desc":"<div class=\"my-[1px]\">\r\n<div class=\"py-[3px] whitespace-pre-wrap u-break-words\">Encerramento com dicas de gastronomia local e tempo para fotos nos murais de arte urbana.<\/div>\r\n<\/div>","image":"https:\/\/tk360.com.br\/wp-content\/uploads\/2026\/02\/Largo-da-Prainha.webp","gallery_image":"","loacation":"","altitude":"","valuetype":"Meter","loacation-latitude":"","loacation-longitude":""}],"itinerary-downloader-settings":"","itenary_download_glbal_settings":"custom","itinerary-downloader":"0","tour_pdf_downloader_section":"","itinerary-downloader-title":"Want to read it later?","itinerary-downloader-desc":"Download this tour's PDF brochure and start your planning offline.","itinerary-downloader-button":"Download Now","tour_settings":"","tour_thumbnail_height":"","tour_thumbnail_width":"","companey_info_heading":"","company_logo":"","company_desc":"","company_email":"","company_address":"","company_phone":"","export_heading":"","itinerary-expert":"0","expert_label":"","expert_name":"","expert_email":"","expert_phone":"","expert_logo":"","itinerary-expert-viber":"0","itinerary-expert-whatsapp":"0","tour-faq-heading":"","tour-faq-docs":"","faq-section-title":"Perguntas Frequentes","faqs":[{"title":"Como fa\u00e7o uma reserva antecipada?","desc":"Voc\u00ea pode garantir sua vaga fazendo um pagamento adiantado via PayPal ou cart\u00e3o de cr\u00e9dito. Observe que uma taxa adicional de reserva \u00e9 aplicada, que n\u00e3o \u00e9 reembols\u00e1vel em caso de cancelamento."},{"title":"Quais s\u00e3o os m\u00e9todos de pagamento aceitos?","desc":"Aceitamos PayPal e cart\u00f5es de cr\u00e9dito. Todas as taxas j\u00e1 est\u00e3o inclu\u00eddas no checkout."},{"title":"O que est\u00e1 inclu\u00eddo no pre\u00e7o do passeio?","desc":"O pre\u00e7o inclui servi\u00e7os de foto e v\u00eddeo, transporte de motocicleta, imposto para favelas, passagens para os mirantes e um guia tur\u00edstico."},{"title":"A que horas os tours partem e quanto tempo duram?","desc":"Os passeios est\u00e3o dispon\u00edveis pela manh\u00e3 (9h) e \u00e0 tarde (14h). A dura\u00e7\u00e3o m\u00e9dia \u00e9 de 2 a 3 horas. Os pontos de encontro s\u00e3o a esta\u00e7\u00e3o de metr\u00f4 S\u00e3o Conrado\/Rocinha, Rua Vi\u00e1pia da Rocinha ou o viaduto Rocinha."},{"title":"\u00c9 seguro fazer um tour na Favela da Rocinha?","desc":"\u00c9 totalmente seguro fazer o Tour da Favela. Nosso guia est\u00e1 autorizado a levar os visitantes pela favela, e todas as medidas de seguran\u00e7a ser\u00e3o explicadas no in\u00edcio do tour."},{"title":"Como posso entrar em contato com voc\u00ea se tiver mais perguntas?","desc":"Voc\u00ea pode entrar em contato para mais informa\u00e7\u00f5es ou esclarecimentos sobre d\u00favidas por e-mail em:\u00a0<strong>contato@tk360.com.br<\/strong>"},{"title":"Posso cancelar minha reserva?","desc":"A reserva exige uma pequena taxa n\u00e3o reembols\u00e1vel em caso de cancelamento. Podemos fornecer um voucher para reagendamento caso precise."},{"title":"Qual \u00e9 o limite de idade para participar dos tours?","desc":"<div class=\"elementor-element elementor-element-41528be e-flex e-con-boxed e-con e-parent e-lazyloaded\" data-id=\"41528be\" data-element_type=\"container\" data-e-type=\"container\" data-settings=\"{\">\r\n<div class=\"e-con-inner\">\r\n<div class=\"elementor-element elementor-element-37cb036 e-con-full e-flex e-con e-child\" data-id=\"37cb036\" data-element_type=\"container\" data-e-type=\"container\">\r\n<div class=\"elementor-element elementor-element-7d0d639 elementor-widget elementor-widget-n-accordion\" data-id=\"7d0d639\" data-element_type=\"widget\" data-e-type=\"widget\" data-settings=\"{\" data-widget_type=\"nested-accordion.default\">\r\n<div class=\"elementor-widget-container\">\r\n<div class=\"e-n-accordion\" aria-label=\"Accordion. Open links with Enter or Space, close with Escape, and navigate with Arrow Keys\"><details id=\"e-n-accordion-item-1313\" class=\"e-n-accordion-item\" open=\"\">\r\n<div class=\"elementor-element elementor-element-5478e8c e-flex e-con-boxed e-con e-child\" role=\"region\" aria-labelledby=\"e-n-accordion-item-1313\" data-id=\"5478e8c\" data-element_type=\"container\" data-e-type=\"container\">\r\n<div class=\"e-con-inner\">\r\n<div class=\"elementor-element elementor-element-800368c elementor-widget elementor-widget-text-editor\" data-id=\"800368c\" data-element_type=\"widget\" data-e-type=\"widget\" data-widget_type=\"text-editor.default\">\r\n<div class=\"elementor-widget-container\">\r\n<p data-start=\"7484\" data-end=\"7713\">N\u00e3o h\u00e1 um limite de idade espec\u00edfico para participar dos passeios, mas \u00e9 importante considerar a natureza do tour, que pode envolver caminhadas e algumas \u00e1reas \u00edngremes. Recomendamos que os participantes estejam em boa condi\u00e7\u00e3o f\u00edsica.<\/p>\r\n\r\n<\/div>\r\n<\/div>\r\n<\/div>\r\n<\/div>\r\n<\/details><\/div>\r\n<\/div>\r\n<\/div>\r\n<\/div>\r\n<\/div>\r\n<\/div>\r\n<div class=\"elementor-element elementor-element-eb32793 e-flex e-con-boxed e-con e-parent e-lazyloaded\" data-id=\"eb32793\" data-element_type=\"container\" data-e-type=\"container\" data-settings=\"{\">\r\n<div class=\"e-con-inner\">\r\n<div class=\"elementor-element elementor-element-a3ab606 elementor-align-center elementor-widget elementor-widget-button\" data-id=\"a3ab606\" data-element_type=\"widget\" data-e-type=\"widget\" data-widget_type=\"button.default\">\r\n<div class=\"elementor-widget-container\">\r\n<div class=\"elementor-button-wrapper\"><\/div>\r\n<\/div>\r\n<\/div>\r\n<\/div>\r\n<\/div>"}],"enquiry-section":"","t-enquiry-section":"1","t-enquiry-option-icon":"fa-solid fa-question","t-enquiry-option-title":"Tem alguma pergunta em mente?","t-enquiry-option-content":"Deseja obter mais informa\u00e7\u00f5es? Envie uma pergunta ao agente de viagens para saber mais.","t-enquiry-option-btn":"Fa\u00e7a uma Pergunta","tf-tour-tags-heading":"","tf-tour-tags":"","tour-tnc-heading":"","tour-tnc-docs":"","tc-section-title":"Pol\u00edticas","terms_conditions":"O ponto de encontro ser\u00e1 combinado previamente. Os participantes devem chegar com 15 minutos de anteced\u00eancia e apresentar um documento de identidade original com foto (RG, CNH ou Passaporte) para verifica\u00e7\u00e3o e seguro. <strong>Cancelamento e Pr\u00e9-pagamento: <\/strong>As pol\u00edticas de cancelamento e pr\u00e9-pagamento podem variar de acordo com a anteced\u00eancia da reserva. Cancelamentos realizados com at\u00e9 24 horas de anteced\u00eancia garantem reembolso total. Para desist\u00eancias no dia do passeio ou n\u00e3o comparecimento (no-show), n\u00e3o haver\u00e1 devolu\u00e7\u00e3o do valor pago. <strong>Crian\u00e7as e Participantes:<\/strong> Crian\u00e7as de todas as idades s\u00e3o bem-vindas. Crian\u00e7as a partir de 6 anos s\u00e3o consideradas adultos para fins de tarifa\u00e7\u00e3o e ocupa\u00e7\u00e3o de moto-t\u00e1xi. Por quest\u00f5es de seguran\u00e7a, menores de idade devem estar obrigatoriamente acompanhados por um respons\u00e1vel legal durante todo o percurso. <strong>Restri\u00e7\u00f5es e Acessibilidade:<\/strong> Devido \u00e0 natureza geogr\u00e1fica da Rocinha, com muitas escadarias e uso de moto-t\u00e1xi, este tour pode n\u00e3o ser adequado para pessoas com mobilidade reduzida severa. N\u00e3o \u00e9 permitida a entrada de animais de estima\u00e7\u00e3o (pets) durante o passeio. <strong>Formas de Pagamento:<\/strong> Este operador aceita pagamentos via PIX, cart\u00f5es de cr\u00e9dito\/d\u00e9bito ou dinheiro em esp\u00e9cie. O pagamento total ou o sinal de reserva deve ser confirmado antes do in\u00edcio da atividade.","settings_headding":"","tour-setting-docs":"","t-review":"0","t-share":"0","t-wishlist":"0","t-related":"1","require_adult_child_booking":"0","tour-booking-section":"","booking-section-title":"Reserve este passeio","description-section-title":"Descri\u00e7\u00e3o","tour-features-section-title":"Recursos Populares","map-section-title":"Maps","review-section-title":"Avalia\u00e7\u00f5es"},"featured_image":"https:\/\/tk360.com.br\/wp-content\/uploads\/2024\/07\/bg-pequena-africa.png","reviews":{"post_reviews":0,"review_text":""},"start_price":"<span class=\"woocommerce-Price-amount amount\"><bdi><span class=\"woocommerce-Price-currencySymbol\">&#82;&#36;<\/span>&nbsp;297,00<\/bdi><\/span>","_links":{"self":[{"href":"https:\/\/tk360.com.br\/en\/wp-json\/wp\/v2\/tf_tours\/3351","targetHints":{"allow":["GET"]}}],"collection":[{"href":"https:\/\/tk360.com.br\/en\/wp-json\/wp\/v2\/tf_tours"}],"about":[{"href":"https:\/\/tk360.com.br\/en\/wp-json\/wp\/v2\/types\/tf_tours"}],"author":[{"embeddable":true,"href":"https:\/\/tk360.com.br\/en\/wp-json\/wp\/v2\/users\/1"}],"replies":[{"embeddable":true,"href":"https:\/\/tk360.com.br\/en\/wp-json\/wp\/v2\/comments?post=3351"}],"wp:featuredmedia":[{"embeddable":true,"href":"https:\/\/tk360.com.br\/en\/wp-json\/wp\/v2\/media\/1953"}],"wp:attachment":[{"href":"https:\/\/tk360.com.br\/en\/wp-json\/wp\/v2\/media?parent=3351"}],"wp:term":[{"taxonomy":"tour_destination","embeddable":true,"href":"https:\/\/tk360.com.br\/en\/wp-json\/wp\/v2\/tour_destination?post=3351"},{"taxonomy":"tour_attraction","embeddable":true,"href":"https:\/\/tk360.com.br\/en\/wp-json\/wp\/v2\/tour_attraction?post=3351"},{"taxonomy":"tour_activities","embeddable":true,"href":"https:\/\/tk360.com.br\/en\/wp-json\/wp\/v2\/tour_activities?post=3351"},{"taxonomy":"tour_features","embeddable":true,"href":"https:\/\/tk360.com.br\/en\/wp-json\/wp\/v2\/tour_features?post=3351"},{"taxonomy":"tour_type","embeddable":true,"href":"https:\/\/tk360.com.br\/en\/wp-json\/wp\/v2\/tour_type?post=3351"}],"curies":[{"name":"wp","href":"https:\/\/api.w.org\/{rel}","templated":true}]}}